{"id":8,"date":"2025-10-23T11:31:28","date_gmt":"2025-10-23T11:31:28","guid":{"rendered":"https:\/\/fotografosdearquitectura.pt\/?page_id=8"},"modified":"2025-10-23T11:42:08","modified_gmt":"2025-10-23T11:42:08","slug":"colectivo-fotografos-de-arquitectura-portuguesa","status":"publish","type":"page","link":"https:\/\/fotografosdearquitectura.pt\/","title":{"rendered":"Colectivo de Fot\u00f3grafos de Arquitectura em Portugal"},"content":{"rendered":"\n<div class=\"wp-block-group alignfull has-base-background-color has-background has-global-padding is-layout-constrained wp-container-core-group-is-layout-d89aad35 wp-block-group-is-layout-constrained\" style=\"margin-top:0;margin-bottom:0;padding-top:var(--wp--preset--spacing--50);padding-right:var(--wp--preset--spacing--50);padding-bottom:var(--wp--preset--spacing--50);padding-left:var(--wp--preset--spacing--50)\">\n<div class=\"wp-block-columns alignwide is-layout-flex wp-container-core-columns-is-layout-549b0c86 wp-block-columns-is-layout-flex\">\n<div class=\"wp-block-column has-global-padding is-content-justification-left is-layout-constrained wp-container-core-column-is-layout-4f15e8fe wp-block-column-is-layout-constrained\" style=\"flex-basis:40%\">\n<p>Juntos,<br>Valorizamos a Nossa Profiss\u00e3o<\/p>\n<\/div>\n\n\n\n<div class=\"wp-block-column is-layout-flow wp-container-core-column-is-layout-119bc444 wp-block-column-is-layout-flow\" style=\"flex-basis:60%\">\n<p class=\"has-heading-font-family has-x-large-font-size\" style=\"line-height:1.2\">Somos fot\u00f3grafos de arquitetura \u2013 criadores de imagens, int\u00e9rpretes de espa\u00e7os, contadores de hist\u00f3rias visuais.<\/p>\n\n\n\n<p class=\"has-heading-font-family has-large-font-size\" style=\"line-height:1.2\">A nossa jornada \u00e9 partilhada: cada escolha profissional, cada negocia\u00e7\u00e3o transparente e cada atitude \u00e9tica refor\u00e7am a dignidade e credibilidade de toda a comunidade.<\/p>\n\n\n\n<div class=\"wp-block-columns is-layout-flex wp-container-core-columns-is-layout-87beb0d0 wp-block-columns-is-layout-flex\">\n<div class=\"wp-block-column is-layout-flow wp-block-column-is-layout-flow\">\n<p class=\"has-small-font-size\">Ao estruturarmos or\u00e7amentos claros, que valorizam o nosso tempo, criatividade e os direitos de uso das imagens, mostramos o investimento em forma\u00e7\u00e3o, equipamento e a busca cont\u00ednua pela excel\u00eancia. Desta forma, inspiramos clientes e parceiros a reconhecerem o verdadeiro valor do nosso trabalho e promovemos o respeito pela nossa arte como uma atividade especializada e essencial.<\/p>\n\n\n\n<p class=\"has-small-font-size\">Licen\u00e7as objetivas e transparentes \u2013 com usos, dura\u00e7\u00e3o, territ\u00f3rio e exclusividade bem definidos \u2013 criam confian\u00e7a e clareza, garantimos que os nossos direitos de autor s\u00e3o respeitados.<br>Assim como, ao utilizar um software, se obt\u00e9m uma licen\u00e7a de utiliza\u00e7\u00e3o e n\u00e3o a posse do programa, tamb\u00e9m as nossas imagens s\u00e3o concedidas atrav\u00e9s de licen\u00e7as que definem claramente os seus usos e dura\u00e7\u00f5es.Este entendimento protege o investimento de quem fotografa e d\u00e1 seguran\u00e7a a quem contrata.<br><br>O nosso compromisso \u00e9tico come\u00e7a no respeito entre colegas, rejeitando concorr\u00eancia desleal, partilhando conhecimento e promovendo rela\u00e7\u00f5es de confian\u00e7a e colabora\u00e7\u00e3o. Juntos somos mais fortes \u2014 quando um de n\u00f3s cresce, toda a comunidade evolui. Ceder a press\u00f5es para baixar pre\u00e7os ou licenciar sem justa compensa\u00e7\u00e3o desvaloriza o mercado. Ser profissional \u00e9 agir com integridade, cumprir prazos, comunicar claramente e preparar cada sess\u00e3o com rigor.<\/p>\n\n\n\n<p class=\"has-small-font-size\">Acreditamos que uma colabora\u00e7\u00e3o informada e transparente resulta em projetos de sucesso, quando os Clientes est\u00e3o envolvidos, compreendem o processo, planeiam em conjunto, preparam os espa\u00e7os e honram os cr\u00e9ditos do autor.<br><br>Conhece a lei, usa ferramentas e contratos adequados, prepara o teu trabalho com rigor. Mas, acima de tudo, lembra-te: o que nos distingue \u00e9 a paix\u00e3o pelo que fazemos e a vontade de deixar uma marca positiva, n\u00e3o s\u00f3 nas imagens que criamos, mas tamb\u00e9m na profiss\u00e3o que queremos construir.<br><br>Este guia \u00e9 um convite \u00e0 uni\u00e3o, ao respeito e \u00e0 responsabilidade coletiva. Fot\u00f3grafos e clientes, juntos, s\u00e3o embaixadores da valoriza\u00e7\u00e3o, \u00e9tica e respeito. Assim, damos o verdadeiro valor \u00e0 fotografia de arquitetura em Portugal.<\/p>\n<\/div>\n<\/div>\n<\/div>\n<\/div>\n<\/div>\n\n\n\n<div class=\"wp-block-group alignfull has-accent-background-color has-background has-global-padding is-layout-constrained wp-container-core-group-is-layout-669513ed wp-block-group-is-layout-constrained\" style=\"margin-top:0;margin-bottom:0;padding-top:var(--wp--preset--spacing--50);padding-right:var(--wp--preset--spacing--50);padding-bottom:var(--wp--preset--spacing--50);padding-left:var(--wp--preset--spacing--50)\">\n<div class=\"wp-block-columns alignwide is-layout-flex wp-container-core-columns-is-layout-1da03c2a wp-block-columns-is-layout-flex\">\n<div class=\"wp-block-column is-vertically-aligned-stretch is-layout-flow wp-block-column-is-layout-flow\" style=\"flex-basis:50%\">\n<div class=\"wp-block-group is-vertical is-content-justification-stretch is-layout-flex wp-container-core-group-is-layout-444d5ee8 wp-block-group-is-layout-flex\" style=\"min-height:100%\">\n<p class=\"has-heading-font-family has-x-large-font-size\" style=\"line-height:1.2\">Guia para Fot\u00f3grafos de Arquitetura \u2013 Boas Pr\u00e1ticas e Profissionaliza\u00e7\u00e3o.<\/p>\n\n\n\n<p class=\"has-heading-font-family has-large-font-size\" style=\"line-height:1.1\">Ser fot\u00f3grafo de arquitetura \u00e9 mais do que criar imagens \u2013 \u00e9 construir, em conjunto, o valor de toda uma profiss\u00e3o<br><\/p>\n\n\n\n<div class=\"wp-block-group has-global-padding is-content-justification-left is-layout-constrained wp-container-core-group-is-layout-9fe8ed88 wp-block-group-is-layout-constrained\">\n<p class=\"wp-container-content-0733e5d0\">Dicas pr\u00e1ticas para actuar no mercado da fotografia de arquitetura de forma \u00e9tica, sustent\u00e1vel e valorizada em Portugal.<\/p>\n\n\n\n<div class=\"wp-block-buttons is-layout-flex wp-block-buttons-is-layout-flex\">\n<div class=\"wp-block-button\"><a class=\"wp-block-button__link wp-element-button\">Ver Guia<\/a><\/div>\n<\/div>\n<\/div>\n<\/div>\n<\/div>\n\n\n\n<div class=\"wp-block-column is-vertically-aligned-center is-layout-flow wp-block-column-is-layout-flow\" style=\"flex-basis:50%\">\n<figure class=\"wp-block-image size-large is-style-rounded is-style-rounded--1\"><img decoding=\"async\" src=\"https:\/\/fotografosdearquitectura.pt\/wp-content\/themes\/twentytwentyfour\/assets\/images\/museum.webp\" alt=\"A ramp along a curved wall in the Kiasma Museu, Helsinki, Finland\" style=\"aspect-ratio:3\/4;object-fit:cover\"\/><\/figure>\n<\/div>\n<\/div>\n<\/div>\n\n\n\n<div class=\"wp-block-group alignfull has-accent-5-background-color has-background has-global-padding is-layout-constrained wp-container-core-group-is-layout-d89aad35 wp-block-group-is-layout-constrained\" style=\"margin-top:0;margin-bottom:0;padding-top:var(--wp--preset--spacing--50);padding-right:var(--wp--preset--spacing--50);padding-bottom:var(--wp--preset--spacing--50);padding-left:var(--wp--preset--spacing--50)\">\n<div class=\"wp-block-columns alignwide is-layout-flex wp-container-core-columns-is-layout-1da03c2a wp-block-columns-is-layout-flex\">\n<div class=\"wp-block-column is-vertically-aligned-center is-layout-flow wp-block-column-is-layout-flow\" style=\"flex-basis:60%\">\n<figure class=\"wp-block-image size-full is-style-rounded wp-duotone-duotone-1 is-style-rounded--2\"><img decoding=\"async\" src=\"https:\/\/fotografosdearquitectura.pt\/wp-content\/themes\/twentytwentyfour\/assets\/images\/abstract-geometric-art.webp\" alt=\"White abstract geometric artwork from Dresden, Germany\" style=\"aspect-ratio:4\/3;object-fit:cover\"\/><\/figure>\n<\/div>\n\n\n\n<div class=\"wp-block-column is-layout-flow wp-block-column-is-layout-flow\" style=\"flex-basis:40%\">\n<h2 class=\"wp-block-heading\">Guia para Clientes \u2013 Como Contratar um Fot\u00f3grafo de Arquitetura<\/h2>\n\n\n\n<p><\/p>\n\n\n\n<div style=\"height:130px\" aria-hidden=\"true\" class=\"wp-block-spacer\"><\/div>\n\n\n\n<p>Tudo o que Precisa Saber para Contratar um Fot\u00f3grafo de Arquitetura, Promo\u00e7\u00e3o imobili\u00e1ria e Hotelaria.<\/p>\n\n\n\n<div class=\"wp-block-buttons is-layout-flex wp-block-buttons-is-layout-flex\">\n<div class=\"wp-block-button\"><a class=\"wp-block-button__link wp-element-button\">Ver Guia<\/a><\/div>\n<\/div>\n<\/div>\n<\/div>\n<\/div>\n\n\n\n<p><\/p>\n","protected":false},"excerpt":{"rendered":"<p>Juntos,Valorizamos a Nossa Profiss\u00e3o Somos fot\u00f3grafos de arquitetura \u2013 criadores de imagens, int\u00e9rpretes de espa\u00e7os, contadores de hist\u00f3rias visuais. A nossa jornada \u00e9 partilhada: cada escolha profissional, cada negocia\u00e7\u00e3o transparente e cada atitude \u00e9tica refor\u00e7am a dignidade e credibilidade de toda a comunidade. Ao estruturarmos or\u00e7amentos claros, que valorizam o nosso tempo, criatividade e os [&hellip;]<\/p>\n","protected":false},"author":1,"featured_media":0,"parent":0,"menu_order":0,"comment_status":"closed","ping_status":"closed","template":"","meta":{"footnotes":""},"class_list":["post-8","page","type-page","status-publish","hentry"],"_links":{"self":[{"href":"https:\/\/fotografosdearquitectura.pt\/index.php\/wp-json\/wp\/v2\/pages\/8","targetHints":{"allow":["GET"]}}],"collection":[{"href":"https:\/\/fotografosdearquitectura.pt\/index.php\/wp-json\/wp\/v2\/pages"}],"about":[{"href":"https:\/\/fotografosdearquitectura.pt\/index.php\/wp-json\/wp\/v2\/types\/page"}],"author":[{"embeddable":true,"href":"https:\/\/fotografosdearquitectura.pt\/index.php\/wp-json\/wp\/v2\/users\/1"}],"replies":[{"embeddable":true,"href":"https:\/\/fotografosdearquitectura.pt\/index.php\/wp-json\/wp\/v2\/comments?post=8"}],"version-history":[{"count":11,"href":"https:\/\/fotografosdearquitectura.pt\/index.php\/wp-json\/wp\/v2\/pages\/8\/revisions"}],"predecessor-version":[{"id":20,"href":"https:\/\/fotografosdearquitectura.pt\/index.php\/wp-json\/wp\/v2\/pages\/8\/revisions\/20"}],"wp:attachment":[{"href":"https:\/\/fotografosdearquitectura.pt\/index.php\/wp-json\/wp\/v2\/media?parent=8"}],"curies":[{"name":"wp","href":"https:\/\/api.w.org\/{rel}","templated":true}]}}